{"id":4170,"date":"2021-09-20T18:35:40","date_gmt":"2021-09-20T16:35:40","guid":{"rendered":"https:\/\/european2021.escuderiamollerussa.com\/communication-et-presse\/"},"modified":"2024-09-29T23:28:03","modified_gmt":"2024-09-29T21:28:03","slug":"communication-et-presse","status":"publish","type":"page","link":"https:\/\/european2023.escuderiamollerussa.com\/fr\/communication-et-presse\/","title":{"rendered":"Communication et presse"},"content":{"rendered":"<ul>\n<li><a href=\"https:\/\/forms.gle\/as5hvagCy94a9mJe6\">Formulaire d&rsquo;accr\u00e9ditation presse <\/a><\/li>\n<li>Salutations officielles<\/li>\n<li><a href=\"https:\/\/european2023.escuderiamollerussa.com\/wp-content\/uploads\/2023\/09\/cartell_p.jpg\" class=\"mtli_attachment mtli_jpg\">Affiche officielle<\/a><\/li>\n<li><a href=\"https:\/\/www.youtube.com\/live\/PHbOHnZ0E1w?si=1uq5tYf6qJQPwu5_\">Diffusion<\/a><\/li>\n<li><a href=\"https:\/\/escuderiamollerussa.com\/mollerussa-recibe-de-nuevo-al-campeonato-de-europa-de-autocross\/\">Presse &#8211; Note pr\u00e9c\u00e9dente<\/a><\/li>\n<li><a href=\"https:\/\/escuderiamollerussa.com\/sabado-de-primeras-batallas-en-el-europeo-de-autocross-en-mollerussa\/\">Presse &#8211; Note du samedi<\/a><\/li>\n<li><a href=\"https:\/\/escuderiamollerussa.com\/mollerussa-corona-a-los-mejores-en-el-europeo-de-autocross\/\">Presse &#8211; Dimanche Note<\/a><\/li>\n<\/ul>\n","protected":false},"excerpt":{"rendered":"<p>Formulaire d&rsquo;accr\u00e9ditation presse Salutations officielles Affiche officielle Diffusion Presse &#8211; Note pr\u00e9c\u00e9dente Presse &#8211; Note du samedi Presse &#8211; Dimanche Note<\/p>\n","protected":false},"author":1,"featured_media":0,"parent":0,"menu_order":0,"comment_status":"closed","ping_status":"closed","template":"","meta":{"footnotes":""},"class_list":["post-4170","page","type-page","status-publish","hentry","description-off"],"_links":{"self":[{"href":"https:\/\/european2023.escuderiamollerussa.com\/fr\/wp-json\/wp\/v2\/pages\/4170","targetHints":{"allow":["GET"]}}],"collection":[{"href":"https:\/\/european2023.escuderiamollerussa.com\/fr\/wp-json\/wp\/v2\/pages"}],"about":[{"href":"https:\/\/european2023.escuderiamollerussa.com\/fr\/wp-json\/wp\/v2\/types\/page"}],"author":[{"embeddable":true,"href":"https:\/\/european2023.escuderiamollerussa.com\/fr\/wp-json\/wp\/v2\/users\/1"}],"replies":[{"embeddable":true,"href":"https:\/\/european2023.escuderiamollerussa.com\/fr\/wp-json\/wp\/v2\/comments?post=4170"}],"version-history":[{"count":8,"href":"https:\/\/european2023.escuderiamollerussa.com\/fr\/wp-json\/wp\/v2\/pages\/4170\/revisions"}],"predecessor-version":[{"id":5535,"href":"https:\/\/european2023.escuderiamollerussa.com\/fr\/wp-json\/wp\/v2\/pages\/4170\/revisions\/5535"}],"wp:attachment":[{"href":"https:\/\/european2023.escuderiamollerussa.com\/fr\/wp-json\/wp\/v2\/media?parent=4170"}],"curies":[{"name":"wp","href":"https:\/\/api.w.org\/{rel}","templated":true}]}}